{"id":256,"date":"2024-05-07T10:42:23","date_gmt":"2024-05-07T08:42:23","guid":{"rendered":"https:\/\/aura.be\/?page_id=256"},"modified":"2024-10-21T11:03:57","modified_gmt":"2024-10-21T09:03:57","slug":"plan-du-site","status":"publish","type":"page","link":"https:\/\/aura.be\/fr\/sitemap\/","title":{"rendered":"Plan du site"},"content":{"rendered":"<div data-elementor-type=\"wp-page\" data-elementor-id=\"256\" class=\"elementor elementor-256\" data-elementor-post-type=\"page\">\n\t\t\t\t<div class=\"elementor-element elementor-element-44d5faf e-flex e-con-boxed e-con e-parent\" data-id=\"44d5faf\" data-element_type=\"container\" data-e-type=\"container\" data-settings=\"{&quot;jet_parallax_layout_list&quot;:[]}\">\n\t\t\t\t\t<div class=\"e-con-inner\">\n\t\t\t\t<div class=\"elementor-element elementor-element-f9c07b6 elementor-widget elementor-widget-heading\" data-id=\"f9c07b6\" data-element_type=\"widget\" data-e-type=\"widget\" data-widget_type=\"heading.default\">\n\t\t\t\t<div class=\"elementor-widget-container\">\n\t\t\t\t\t<h1 class=\"elementor-heading-title elementor-size-default\">Plan du site<\/h1>\t\t\t\t<\/div>\n\t\t\t\t<\/div>\n\t\t\t\t<div class=\"elementor-element elementor-element-814bb27 elementor-widget elementor-widget-sitemap\" data-id=\"814bb27\" data-element_type=\"widget\" data-e-type=\"widget\" data-widget_type=\"sitemap.default\">\n\t\t\t\t<div class=\"elementor-widget-container\">\n\t\t\t\t\t<div class=\"elementor-sitemap-wrap\"><div class=\"elementor-sitemap-section\"><h2 class=\"elementor-sitemap-title elementor-sitemap-page-title\">Pages<\/h2><ul class=\"elementor-sitemap-list elementor-sitemap-page-list\"><li class=\"elementor-sitemap-item elementor-sitemap-item-page page_item page-item-4893\"><a href=\"https:\/\/aura.be\/fr\/business-agterdeheuf\/\">A propos de la sant\u00e9<\/a><\/li><li class=\"elementor-sitemap-item elementor-sitemap-item-page page_item page-item-4711\"><a href=\"https:\/\/aura.be\/fr\/agterdeheuf\/\">A propos de la sant\u00e9<\/a><\/li><li class=\"elementor-sitemap-item elementor-sitemap-item-page page_item page-item-93\"><a href=\"https:\/\/aura.be\/fr\/aura-business\/\">Aura Business<\/a><\/li><li class=\"elementor-sitemap-item elementor-sitemap-item-page page_item page-item-95\"><a href=\"https:\/\/aura.be\/fr\/aura-residential\/\">Aura Residential<\/a><\/li><li class=\"elementor-sitemap-item elementor-sitemap-item-page page_item page-item-220\"><a href=\"https:\/\/aura.be\/fr\/aura-business\/contact\/\">Contact<\/a><\/li><li class=\"elementor-sitemap-item elementor-sitemap-item-page page_item page-item-222\"><a href=\"https:\/\/aura.be\/fr\/aura-residential\/contact-2\/\">Contact<\/a><\/li><li class=\"elementor-sitemap-item elementor-sitemap-item-page page_item page-item-1519\"><a href=\"https:\/\/aura.be\/fr\/aura-business\/duurzaamheid\/\">Durabilit\u00e9<\/a><\/li><li class=\"elementor-sitemap-item elementor-sitemap-item-page page_item page-item-621\"><a href=\"https:\/\/aura.be\/fr\/aura-business\/getuigenissen\/\">T\u00e9moignages<\/a><\/li><li class=\"elementor-sitemap-item elementor-sitemap-item-page page_item page-item-16\"><a href=\"https:\/\/aura.be\/fr\/\">Accueil<\/a><\/li><li class=\"elementor-sitemap-item elementor-sitemap-item-page page_item page-item-101\"><a href=\"https:\/\/aura.be\/fr\/aura-business\/jobs\/\">Jobs<\/a><\/li><li class=\"elementor-sitemap-item elementor-sitemap-item-page page_item page-item-226\"><a href=\"https:\/\/aura.be\/fr\/aura-residential\/jobs\/\">Jobs<\/a><\/li><li class=\"elementor-sitemap-item elementor-sitemap-item-page page_item page-item-99\"><a href=\"https:\/\/aura.be\/fr\/aura-business\/over-ons\/\">\u00c0 propos de nous<\/a><\/li><li class=\"elementor-sitemap-item elementor-sitemap-item-page page_item page-item-224\"><a href=\"https:\/\/aura.be\/fr\/aura-residential\/over-ons\/\">\u00c0 propos de nous<\/a><\/li><li class=\"elementor-sitemap-item elementor-sitemap-item-page page_item page-item-4284\"><a href=\"https:\/\/aura.be\/fr\/aura-business\/pers\/\">Presse<\/a><\/li><li class=\"elementor-sitemap-item elementor-sitemap-item-page page_item page-item-4296\"><a href=\"https:\/\/aura.be\/fr\/aura-residential\/pers\/\">Presse<\/a><\/li><li class=\"elementor-sitemap-item elementor-sitemap-item-page page_item page-item-103\"><a href=\"https:\/\/aura.be\/fr\/aura-business\/portefeuille-nieuws\/\">Portefeuille et actualit\u00e9s<\/a><\/li><li class=\"elementor-sitemap-item elementor-sitemap-item-page page_item page-item-254\"><a href=\"https:\/\/aura.be\/fr\/privacy\/\">Vie priv\u00e9e<\/a><\/li><li class=\"elementor-sitemap-item elementor-sitemap-item-page page_item page-item-228\"><a href=\"https:\/\/aura.be\/fr\/aura-residential\/realisaties-nieuws\/\">R\u00e9alisations et nouvelles<\/a><\/li><li class=\"elementor-sitemap-item elementor-sitemap-item-page page_item page-item-4675\"><a href=\"https:\/\/aura.be\/fr\/test-opleiding\/\">test formation<\/a><\/li><\/ul><\/div><div class=\"elementor-sitemap-section\"><h2 class=\"elementor-sitemap-title elementor-sitemap-post-title\">Messages<\/h2><ul class=\"elementor-sitemap-list elementor-sitemap-post-list\"><li class=\"elementor-sitemap-item elementor-sitemap-item-post page_item page-item-4811\"><a href=\"https:\/\/aura.be\/fr\/business\/nieuw-retailpark-afi-opent-de-deuren-zes-nieuwe-ketenwinkels-en-extra-kmo-zone-op-komst\/\">Le nouveau parc commercial AFI ouvre ses portes : six nouvelles cha\u00eenes de magasins et une zone PME suppl\u00e9mentaire en vue<\/a><\/li><li class=\"elementor-sitemap-item elementor-sitemap-item-post page_item page-item-4491\"><a href=\"https:\/\/aura.be\/fr\/residential\/een-nieuwe-thuishaven-in-merchtem-voorgesteld-in-vr\/\">Une nouvelle maison \u00e0 Merchtem, pr\u00e9sent\u00e9e en VR<\/a><\/li><li class=\"elementor-sitemap-item elementor-sitemap-item-post page_item page-item-4411\"><a href=\"https:\/\/aura.be\/fr\/residential\/nieuwe-proxy-delhaize-opent-in-hartje-maleizen-dorp\/\">Le nouveau Proxy Delhaize ouvre ses portes au c\u0153ur du village de Maleizen<\/a><\/li><li class=\"elementor-sitemap-item elementor-sitemap-item-post page_item page-item-4092\"><a href=\"https:\/\/aura.be\/fr\/business\/aura-charging-stations\/\">Stations de recharge Aura<\/a><\/li><li class=\"elementor-sitemap-item elementor-sitemap-item-post page_item page-item-4088\"><a href=\"https:\/\/aura.be\/fr\/business\/fijne-feestdagen\/\">Joyeuses f\u00eates !<\/a><\/li><li class=\"elementor-sitemap-item elementor-sitemap-item-post page_item page-item-4084\"><a href=\"https:\/\/aura.be\/fr\/business\/sinterklaas-aura-business\/\">Sinterklaas @ Aura Business<\/a><\/li><li class=\"elementor-sitemap-item elementor-sitemap-item-post page_item page-item-4080\"><a href=\"https:\/\/aura.be\/fr\/business\/green-friday\/\">Vendredi vert<\/a><\/li><li class=\"elementor-sitemap-item elementor-sitemap-item-post page_item page-item-4069\"><a href=\"https:\/\/aura.be\/fr\/business\/merchtem-opening-cash-point\/\">Merchtem - Ginderale : ouverture d'un point de vente<\/a><\/li><li class=\"elementor-sitemap-item elementor-sitemap-item-post page_item page-item-3995\"><a href=\"https:\/\/aura.be\/fr\/business\/afi-retailpark-opening-bike-republicrunners-lab\/\">Asse - Afi Retailpark : ouverture du Runners' lab<\/a><\/li><li class=\"elementor-sitemap-item elementor-sitemap-item-post page_item page-item-3961\"><a href=\"https:\/\/aura.be\/fr\/business\/nieuwe-aura-website\/\">Nouveau site Aura<\/a><\/li><li class=\"elementor-sitemap-item elementor-sitemap-item-post page_item page-item-3938\"><a href=\"https:\/\/aura.be\/fr\/business\/afi-retailpark-opening-bike-republic\/\">Asse - Afi Retailpark : ouverture de Bike Republic<\/a><\/li><li class=\"elementor-sitemap-item elementor-sitemap-item-post page_item page-item-3627\"><a href=\"https:\/\/aura.be\/fr\/business\/opgeleverd-afi-park-fase-ii\/\">Asse - Afi Retailpark : ouverture de Hubo<\/a><\/li><li class=\"elementor-sitemap-item elementor-sitemap-item-post page_item page-item-3621\"><a href=\"https:\/\/aura.be\/fr\/business\/fijne-vakantie\/\">Bonnes vacances!<\/a><\/li><li class=\"elementor-sitemap-item elementor-sitemap-item-post page_item page-item-3616\"><a href=\"https:\/\/aura.be\/fr\/business\/aura-business-op-teambuilding\/\">Aura Business en team building<\/a><\/li><li class=\"elementor-sitemap-item elementor-sitemap-item-post page_item page-item-3638\"><a href=\"https:\/\/aura.be\/fr\/business\/huurder-in-the-picture-albert-heijn-merchtem\/\">Locataire sur la photo : Albert Heijn Merchtem<\/a><\/li><li class=\"elementor-sitemap-item elementor-sitemap-item-post page_item page-item-3643\"><a href=\"https:\/\/aura.be\/fr\/business\/dripl-2\/\">Distributeur de boissons non alcoolis\u00e9es sans emballage Dripl<\/a><\/li><li class=\"elementor-sitemap-item elementor-sitemap-item-post page_item page-item-3652\"><a href=\"https:\/\/aura.be\/fr\/business\/project-desbeck\/\">Projet Desbeck, Hoeilaart<\/a><\/li><li class=\"elementor-sitemap-item elementor-sitemap-item-post page_item page-item-3658\"><a href=\"https:\/\/aura.be\/fr\/business\/dag-van-de-medewerker\/\">Journ\u00e9e du salari\u00e9<\/a><\/li><li class=\"elementor-sitemap-item elementor-sitemap-item-post page_item page-item-1378\"><a href=\"https:\/\/aura.be\/fr\/residential\/wemmelse-tuinen-2020-vs-2021\/\">Jardins de Wemmel : 2020 vs 2021<\/a><\/li><li class=\"elementor-sitemap-item elementor-sitemap-item-post page_item page-item-1381\"><a href=\"https:\/\/aura.be\/fr\/residential\/zorgboulevard-in-pelt\/\">Boulevard des soins \u00e0 Pelt<\/a><\/li><\/ul><\/div><div class=\"elementor-sitemap-section\"><h2 class=\"elementor-sitemap-title elementor-sitemap-vacature-title\">Postes vacants<\/h2><span class=\"elementor-sitemap-list elementor-sitemap-vacature-list\">Aucun<\/span><\/div><\/div>\t\t\t\t<\/div>\n\t\t\t\t<\/div>\n\t\t\t\t<div class=\"elementor-element elementor-element-077d77b elementor-widget elementor-widget-sitemap\" data-id=\"077d77b\" data-element_type=\"widget\" data-e-type=\"widget\" id=\"sitemap-2\" data-widget_type=\"sitemap.default\">\n\t\t\t\t<div class=\"elementor-widget-container\">\n\t\t\t\t\t<div class=\"elementor-sitemap-wrap\"><div class=\"elementor-sitemap-section\"><h2 class=\"elementor-sitemap-title elementor-sitemap-project-title\">Projets<\/h2><ul class=\"elementor-sitemap-list elementor-sitemap-project-list\"><li class=\"elementor-sitemap-item elementor-sitemap-item-project page_item page-item-4901\"><a href=\"https:\/\/aura.be\/fr\/project\/business-den-dobbel-arend\/\">Den Dobbel Arend<\/a><\/li><li class=\"elementor-sitemap-item elementor-sitemap-item-project page_item page-item-4898\"><a href=\"https:\/\/aura.be\/fr\/project\/bus-agter-de-heuf-fase-iii\/\">Agter de Heuf - Phase III<\/a><\/li><li class=\"elementor-sitemap-item elementor-sitemap-item-project page_item page-item-4881\"><a href=\"https:\/\/aura.be\/fr\/project\/charleroi\/\">Charleroi<\/a><\/li><li class=\"elementor-sitemap-item elementor-sitemap-item-project page_item page-item-4855\"><a href=\"https:\/\/aura.be\/fr\/project\/namen\/\">Noms<\/a><\/li><li class=\"elementor-sitemap-item elementor-sitemap-item-project page_item page-item-4356\"><a href=\"https:\/\/aura.be\/fr\/project\/hof-ten-anker\/\">Hof Ten Anker<\/a><\/li><li class=\"elementor-sitemap-item elementor-sitemap-item-project page_item page-item-1875\"><a href=\"https:\/\/aura.be\/fr\/project\/agter-de-heuf-fase-2\/\">Agter de Heuf - Phase II<\/a><\/li><li class=\"elementor-sitemap-item elementor-sitemap-item-project page_item page-item-1856\"><a href=\"https:\/\/aura.be\/fr\/project\/maleizen-dorp\/\">Maleizen-Dorp<\/a><\/li><li class=\"elementor-sitemap-item elementor-sitemap-item-project page_item page-item-658\"><a href=\"https:\/\/aura.be\/fr\/project\/agter-de-heuf-fase-3\/\">Agter de Heuf - Phase III<\/a><\/li><li class=\"elementor-sitemap-item elementor-sitemap-item-project page_item page-item-2324\"><a href=\"https:\/\/aura.be\/fr\/project\/den-dobbel-arend\/\">Den Dobbel Arend<\/a><\/li><li class=\"elementor-sitemap-item elementor-sitemap-item-project page_item page-item-1648\"><a href=\"https:\/\/aura.be\/fr\/project\/afi-park-fase-i\/\">Parc commercial Afi Park<\/a><\/li><li class=\"elementor-sitemap-item elementor-sitemap-item-project page_item page-item-1645\"><a href=\"https:\/\/aura.be\/fr\/project\/exit-8\/\">Sortie 8<\/a><\/li><li class=\"elementor-sitemap-item elementor-sitemap-item-project page_item page-item-556\"><a href=\"https:\/\/aura.be\/fr\/project\/quercus\/\">Quercus<\/a><\/li><li class=\"elementor-sitemap-item elementor-sitemap-item-project page_item page-item-1605\"><a href=\"https:\/\/aura.be\/fr\/project\/firmin-2\/\">Firmin<\/a><\/li><li class=\"elementor-sitemap-item elementor-sitemap-item-project page_item page-item-1902\"><a href=\"https:\/\/aura.be\/fr\/project\/point-de-vue\/\">Point de vue<\/a><\/li><li class=\"elementor-sitemap-item elementor-sitemap-item-project page_item page-item-662\"><a href=\"https:\/\/aura.be\/fr\/project\/weysenbeeck\/\">Weysenbeeck<\/a><\/li><li class=\"elementor-sitemap-item elementor-sitemap-item-project page_item page-item-3190\"><a href=\"https:\/\/aura.be\/fr\/project\/ginderale-3\/\">Surfaces commerciales et polyvalentes<\/a><\/li><li class=\"elementor-sitemap-item elementor-sitemap-item-project page_item page-item-1625\"><a href=\"https:\/\/aura.be\/fr\/project\/heizel-business-center\/\">Bureaux<\/a><\/li><li class=\"elementor-sitemap-item elementor-sitemap-item-project page_item page-item-1646\"><a href=\"https:\/\/aura.be\/fr\/project\/kmo-park\/\">Z5 Mollem<\/a><\/li><li class=\"elementor-sitemap-item elementor-sitemap-item-project page_item page-item-1641\"><a href=\"https:\/\/aura.be\/fr\/project\/boom\/\">Site PME et bureau<\/a><\/li><li class=\"elementor-sitemap-item elementor-sitemap-item-project page_item page-item-1647\"><a href=\"https:\/\/aura.be\/fr\/project\/lctovita\/\">Retailpark<\/a><\/li><li class=\"elementor-sitemap-item elementor-sitemap-item-project page_item page-item-2387\"><a href=\"https:\/\/aura.be\/fr\/project\/s-gravenmolen-2\/\">Entrep\u00f4t et bureau<\/a><\/li><li class=\"elementor-sitemap-item elementor-sitemap-item-project page_item page-item-1868\"><a href=\"https:\/\/aura.be\/fr\/project\/drie-koningen\/\">Les trois rois<\/a><\/li><li class=\"elementor-sitemap-item elementor-sitemap-item-project page_item page-item-1882\"><a href=\"https:\/\/aura.be\/fr\/project\/wemmelse-tuinen-fase-ii\/\">Jardins de Wemmel - Phase II<\/a><\/li><li class=\"elementor-sitemap-item elementor-sitemap-item-project page_item page-item-1888\"><a href=\"https:\/\/aura.be\/fr\/project\/wemmelse-tuinen-fase-i\/\">Jardins de Wemmel - Phase I<\/a><\/li><li class=\"elementor-sitemap-item elementor-sitemap-item-project page_item page-item-1895\"><a href=\"https:\/\/aura.be\/fr\/project\/schuttershof\/\">Schuttershof<\/a><\/li><li class=\"elementor-sitemap-item elementor-sitemap-item-project page_item page-item-1900\"><a href=\"https:\/\/aura.be\/fr\/project\/schavei\/\">Schavei<\/a><\/li><li class=\"elementor-sitemap-item elementor-sitemap-item-project page_item page-item-1944\"><a href=\"https:\/\/aura.be\/fr\/project\/ginderale\/\">Ginderale<\/a><\/li><li class=\"elementor-sitemap-item elementor-sitemap-item-project page_item page-item-1909\"><a href=\"https:\/\/aura.be\/fr\/project\/the-mood\/\">L'humeur<\/a><\/li><li class=\"elementor-sitemap-item elementor-sitemap-item-project page_item page-item-1915\"><a href=\"https:\/\/aura.be\/fr\/project\/lindenhof\/\">Lindenhof<\/a><\/li><li class=\"elementor-sitemap-item elementor-sitemap-item-project page_item page-item-1920\"><a href=\"https:\/\/aura.be\/fr\/project\/alphonse-balat\/\">Alphonse Balat<\/a><\/li><li class=\"elementor-sitemap-item elementor-sitemap-item-project page_item page-item-1926\"><a href=\"https:\/\/aura.be\/fr\/project\/de-markt\/\">Le march\u00e9<\/a><\/li><li class=\"elementor-sitemap-item elementor-sitemap-item-project page_item page-item-1933\"><a href=\"https:\/\/aura.be\/fr\/project\/t-heerenhof\/\">'t Heerenhof<\/a><\/li><li class=\"elementor-sitemap-item elementor-sitemap-item-project page_item page-item-1937\"><a href=\"https:\/\/aura.be\/fr\/project\/laaklinde\/\">Laaklinde<\/a><\/li><li class=\"elementor-sitemap-item elementor-sitemap-item-project page_item page-item-1941\"><a href=\"https:\/\/aura.be\/fr\/project\/cialu\/\">Cialu<\/a><\/li><li class=\"elementor-sitemap-item elementor-sitemap-item-project page_item page-item-1956\"><a href=\"https:\/\/aura.be\/fr\/project\/westminster\/\">Westminster<\/a><\/li><li class=\"elementor-sitemap-item elementor-sitemap-item-project page_item page-item-1953\"><a href=\"https:\/\/aura.be\/fr\/project\/willem-mat\/\">Willem Mat<\/a><\/li><li class=\"elementor-sitemap-item elementor-sitemap-item-project page_item page-item-1865\"><a href=\"https:\/\/aura.be\/fr\/project\/de-molen\/\">Le moulin<\/a><\/li><li class=\"elementor-sitemap-item elementor-sitemap-item-project page_item page-item-1653\"><a href=\"https:\/\/aura.be\/fr\/project\/ginderale-2\/\">A louer : 1 propri\u00e9t\u00e9 commerciale<\/a><\/li><li class=\"elementor-sitemap-item elementor-sitemap-item-project page_item page-item-2369\"><a href=\"https:\/\/aura.be\/fr\/project\/de-breukeleer\/\">2 unit\u00e9s PME<\/a><\/li><li class=\"elementor-sitemap-item elementor-sitemap-item-project page_item page-item-1652\"><a href=\"https:\/\/aura.be\/fr\/project\/gies\/\">Unit\u00e9 PME<\/a><\/li><li class=\"elementor-sitemap-item elementor-sitemap-item-project page_item page-item-1650\"><a href=\"https:\/\/aura.be\/fr\/project\/s-gravenmolen\/\">A louer : 1 entrep\u00f4t spacieux, r\u00e9cemment r\u00e9nov\u00e9, avec bureau<\/a><\/li><li class=\"elementor-sitemap-item elementor-sitemap-item-project page_item page-item-3105\"><a href=\"https:\/\/aura.be\/fr\/project\/te-huur-opslagruimte-kantoor-polyvalente-ruimte-openluchtparking\/\">\u00c0 louer : Entrep\u00f4t , salle polyvalente, parking plein air<\/a><\/li><li class=\"elementor-sitemap-item elementor-sitemap-item-project page_item page-item-3084\"><a href=\"https:\/\/aura.be\/fr\/project\/te-huur-2-handelspanden-met-parking\/\">\u00c0 louer : 2 surfaces commerciales<\/a><\/li><li class=\"elementor-sitemap-item elementor-sitemap-item-project page_item page-item-1633\"><a href=\"https:\/\/aura.be\/fr\/project\/dodo\/\">2 unit\u00e9s PME<\/a><\/li><li class=\"elementor-sitemap-item elementor-sitemap-item-project page_item page-item-2380\"><a href=\"https:\/\/aura.be\/fr\/project\/gies-2\/\">2 unit\u00e9s PME<\/a><\/li><\/ul><\/div><\/div>\t\t\t\t<\/div>\n\t\t\t\t<\/div>\n\t\t\t\t\t<\/div>\n\t\t\t\t<\/div>\n\t\t\t\t<\/div>","protected":false},"excerpt":{"rendered":"<p>Plan du site<\/p>","protected":false},"author":1,"featured_media":0,"parent":0,"menu_order":0,"comment_status":"closed","ping_status":"closed","template":"","meta":{"_seopress_robots_primary_cat":"","_seopress_titles_title":"","_seopress_titles_desc":"","_seopress_robots_index":"","iawp_total_views":96,"footnotes":""},"class_list":["post-256","page","type-page","status-publish","hentry"],"_links":{"self":[{"href":"https:\/\/aura.be\/fr\/wp-json\/wp\/v2\/pages\/256","targetHints":{"allow":["GET"]}}],"collection":[{"href":"https:\/\/aura.be\/fr\/wp-json\/wp\/v2\/pages"}],"about":[{"href":"https:\/\/aura.be\/fr\/wp-json\/wp\/v2\/types\/page"}],"author":[{"embeddable":true,"href":"https:\/\/aura.be\/fr\/wp-json\/wp\/v2\/users\/1"}],"replies":[{"embeddable":true,"href":"https:\/\/aura.be\/fr\/wp-json\/wp\/v2\/comments?post=256"}],"version-history":[{"count":40,"href":"https:\/\/aura.be\/fr\/wp-json\/wp\/v2\/pages\/256\/revisions"}],"predecessor-version":[{"id":4014,"href":"https:\/\/aura.be\/fr\/wp-json\/wp\/v2\/pages\/256\/revisions\/4014"}],"wp:attachment":[{"href":"https:\/\/aura.be\/fr\/wp-json\/wp\/v2\/media?parent=256"}],"curies":[{"name":"wp","href":"https:\/\/api.w.org\/{rel}","templated":true}]}}