{"id":1605,"date":"2025-03-01T07:30:07","date_gmt":"2025-03-01T06:30:07","guid":{"rendered":"https:\/\/aura.be\/?post_type=project&#038;p=1605"},"modified":"2025-11-13T15:06:21","modified_gmt":"2025-11-13T14:06:21","slug":"firmin-2","status":"publish","type":"project","link":"https:\/\/aura.be\/fr\/project\/firmin-2\/","title":{"rendered":"Firmin"},"content":{"rendered":"<p class=\"wp-block-paragraph\">La R\u00e9sidence Firmin est un exemple majeur de r\u00e9novation urbaine, de r\u00e9am\u00e9nagement et de construction neuve, au c\u0153ur de Jette. Avec un&nbsp;<strong>une architecture de haute qualit\u00e9<\/strong>&nbsp;l'\u00e9lan du quartier est encore renforc\u00e9 et le projet offre un lieu de vie \u00e0 la pointe de la technologie. Un exemple classique d'architecture du futur, avec un clin d'\u0153il au pass\u00e9 !<\/p>\n\n\n\n<p class=\"wp-block-paragraph\" style=\"padding-bottom:30px\">Le projet comprend\u00a0<strong>maisons et appartements avec 1, 2 ou 3 chambres \u00e0 coucher<\/strong>.<br>Spacieux\u00a0<strong>terrasses<\/strong>\u00a0et idem\u00a0<strong>espaces verts<\/strong>\u00a0dans le quartier int\u00e9rieur qui offrent une atmosph\u00e8re suppl\u00e9mentaire, une exp\u00e9rience et un point de repos dans la ville. Ceux qui ont choisi Firmin profiteront bient\u00f4t d'une vie de grande qualit\u00e9 !<\/p>\n\n\n\n<div class=\"wp-block-buttons is-layout-flex wp-block-buttons-is-layout-flex\"><\/div>\n\n\n\n<div class=\"wp-block-columns is-layout-flex wp-container-core-columns-is-layout-cefd652d wp-block-columns-is-layout-flex\" style=\"padding-top:50px\">\n<div class=\"wp-block-column is-vertically-aligned-center is-layout-flow wp-block-column-is-layout-flow\">\n<figure class=\"wp-block-image size-large\"><img fetchpriority=\"high\" decoding=\"async\" width=\"1024\" height=\"706\" src=\"https:\/\/aura.be\/wp-content\/uploads\/2024\/05\/Firmin05-1024x706.jpg\" alt=\"\" class=\"wp-image-1607\" srcset=\"https:\/\/aura.be\/wp-content\/uploads\/2024\/05\/Firmin05-1024x706.jpg 1024w, https:\/\/aura.be\/wp-content\/uploads\/2024\/05\/Firmin05-500x345.jpg 500w, https:\/\/aura.be\/wp-content\/uploads\/2024\/05\/Firmin05-768x530.jpg 768w, https:\/\/aura.be\/wp-content\/uploads\/2024\/05\/Firmin05-1536x1059.jpg 1536w, https:\/\/aura.be\/wp-content\/uploads\/2024\/05\/Firmin05.jpg 1566w\" sizes=\"(max-width: 1024px) 100vw, 1024px\" \/><\/figure>\n<\/div>\n\n\n\n<div class=\"wp-block-column is-layout-flow wp-block-column-is-layout-flow\">\n<h3 class=\"wp-block-heading\">Avantages de la R\u00e9sidence Firmin<\/h3>\n\n\n\n<ul class=\"wp-block-list\">\n<li>Excellente situation sur l'avenue Firmin Le Charlier, \u00e0 deux pas du c\u0153ur battant de la place des Miroirs \u00e0 Jette.<\/li>\n\n\n\n<li>Vous pouvez \u00e9conomiser 15% sur le taux de TVA*. <\/li>\n\n\n\n<li>Acc\u00e8s facile par m\u00e9tro, tramway, bus et train (la gare de Jette est accessible \u00e0 pied)<\/li>\n\n\n\n<li>Quartier calme avec toutes les commodit\u00e9s \u00e0 proximit\u00e9 : magasins, restaurants, pharmacies, \u00e9coles,...<\/li>\n\n\n\n<li>Nombreux parkings pour les voitures et les v\u00e9los<\/li>\n<\/ul>\n<\/div>\n<\/div>\n\n\n\n<h3 class=\"wp-block-heading\" style=\"padding-top:45px;padding-bottom:20px\">La R\u00e9sidence Firmin affiche complet !<\/h3>","protected":false},"featured_media":1610,"template":"","format":"standard","in-de-kijker":[],"koop-huur":[22],"type-project":[13],"gemeente":[7],"class_list":["post-1605","project","type-project","status-publish","format-standard","has-post-thumbnail","hentry","koop-huur-te-koop","type-project-residential","gemeente-jette"],"_links":{"self":[{"href":"https:\/\/aura.be\/fr\/wp-json\/wp\/v2\/project\/1605","targetHints":{"allow":["GET"]}}],"collection":[{"href":"https:\/\/aura.be\/fr\/wp-json\/wp\/v2\/project"}],"about":[{"href":"https:\/\/aura.be\/fr\/wp-json\/wp\/v2\/types\/project"}],"version-history":[{"count":2,"href":"https:\/\/aura.be\/fr\/wp-json\/wp\/v2\/project\/1605\/revisions"}],"predecessor-version":[{"id":4734,"href":"https:\/\/aura.be\/fr\/wp-json\/wp\/v2\/project\/1605\/revisions\/4734"}],"wp:featuredmedia":[{"embeddable":true,"href":"https:\/\/aura.be\/fr\/wp-json\/wp\/v2\/media\/1610"}],"wp:attachment":[{"href":"https:\/\/aura.be\/fr\/wp-json\/wp\/v2\/media?parent=1605"}],"wp:term":[{"taxonomy":"in-de-kijker","embeddable":true,"href":"https:\/\/aura.be\/fr\/wp-json\/wp\/v2\/in-de-kijker?post=1605"},{"taxonomy":"koop-huur","embeddable":true,"href":"https:\/\/aura.be\/fr\/wp-json\/wp\/v2\/koop-huur?post=1605"},{"taxonomy":"type-project","embeddable":true,"href":"https:\/\/aura.be\/fr\/wp-json\/wp\/v2\/type-project?post=1605"},{"taxonomy":"gemeente","embeddable":true,"href":"https:\/\/aura.be\/fr\/wp-json\/wp\/v2\/gemeente?post=1605"}],"curies":[{"name":"wp","href":"https:\/\/api.w.org\/{rel}","templated":true}]}}