{"id":1645,"date":"2025-03-10T08:00:42","date_gmt":"2025-03-10T07:00:42","guid":{"rendered":"https:\/\/aura.be\/?post_type=project&#038;p=1645"},"modified":"2026-02-06T11:55:52","modified_gmt":"2026-02-06T10:55:52","slug":"sortie-8","status":"publish","type":"project","link":"https:\/\/aura.be\/fr\/project\/exit-8\/","title":{"rendered":"Sortie 8"},"content":{"rendered":"<p class=\"wp-block-paragraph\">Le complexe commercial Exit 8 dispose d'une surface commerciale totale d'environ 3.800 m\u00b2, incluant un parking priv\u00e9 souterrain avec 6 bornes de recharge \u00e9lectrique, dont 2 stations de recharge rapide. L'espace de vente de 1.396 m\u00b2, accessible par 2 grands ascenseurs, abrite les cha\u00eenes de magasins Albert Heijn, Action, et la salle de fitness CrossFit-Exit8.<\/p>\n\n\n\n<p class=\"wp-block-paragraph\">Les panneaux solaires sur le toit de ce site  commercial offrent, en plus d'une solution \u00e9nerg\u00e9tique durable, une valeur ajout\u00e9e attrayante pour nos locataires.\u00a0<\/p>\n\n\n\n<p class=\"wp-block-paragraph\">Exit 8 est id\u00e9alement situ\u00e9 entre la Chauss\u00e9e Romaine, l'avenue Houba De Strooper et le Ring R0, assurant une visibilit\u00e9 exceptionnelle et une accessibilit\u00e9 optimale. La situation avantageuse \u00e0 proximit\u00e9 des communes de Wemmel, Meise, Grimbergen, Groot-Bijgaarden et Laeken est \u00e9galement un atout majeur.<\/p>","protected":false},"featured_media":2884,"template":"","format":"standard","in-de-kijker":[21,28],"koop-huur":[],"type-project":[14],"gemeente":[33],"class_list":["post-1645","project","type-project","status-publish","format-standard","has-post-thumbnail","hentry","in-de-kijker-op-de-homepagina","in-de-kijker-realisatie","type-project-business","gemeente-wemmel"],"_links":{"self":[{"href":"https:\/\/aura.be\/fr\/wp-json\/wp\/v2\/project\/1645","targetHints":{"allow":["GET"]}}],"collection":[{"href":"https:\/\/aura.be\/fr\/wp-json\/wp\/v2\/project"}],"about":[{"href":"https:\/\/aura.be\/fr\/wp-json\/wp\/v2\/types\/project"}],"version-history":[{"count":1,"href":"https:\/\/aura.be\/fr\/wp-json\/wp\/v2\/project\/1645\/revisions"}],"predecessor-version":[{"id":4822,"href":"https:\/\/aura.be\/fr\/wp-json\/wp\/v2\/project\/1645\/revisions\/4822"}],"wp:featuredmedia":[{"embeddable":true,"href":"https:\/\/aura.be\/fr\/wp-json\/wp\/v2\/media\/2884"}],"wp:attachment":[{"href":"https:\/\/aura.be\/fr\/wp-json\/wp\/v2\/media?parent=1645"}],"wp:term":[{"taxonomy":"in-de-kijker","embeddable":true,"href":"https:\/\/aura.be\/fr\/wp-json\/wp\/v2\/in-de-kijker?post=1645"},{"taxonomy":"koop-huur","embeddable":true,"href":"https:\/\/aura.be\/fr\/wp-json\/wp\/v2\/koop-huur?post=1645"},{"taxonomy":"type-project","embeddable":true,"href":"https:\/\/aura.be\/fr\/wp-json\/wp\/v2\/type-project?post=1645"},{"taxonomy":"gemeente","embeddable":true,"href":"https:\/\/aura.be\/fr\/wp-json\/wp\/v2\/gemeente?post=1645"}],"curies":[{"name":"wp","href":"https:\/\/api.w.org\/{rel}","templated":true}]}}