{"id":1900,"date":"2024-06-10T08:30:42","date_gmt":"2024-06-10T06:30:42","guid":{"rendered":"https:\/\/aura.be\/?post_type=project&#038;p=1900"},"modified":"2024-06-11T16:46:34","modified_gmt":"2024-06-11T14:46:34","slug":"schavei","status":"publish","type":"project","link":"https:\/\/aura.be\/fr\/project\/schavei\/","title":{"rendered":"Schavei"},"content":{"rendered":"<p class=\"wp-block-paragraph\">Le lotissement est situ\u00e9 \u00e0 Overijse, au c\u0153ur de la r\u00e9gion viticole, \u00e0 400 m au nord-ouest de l'\u00e9glise Saint-Martin.  Le site est bord\u00e9 au sud par la Schavei et au nord par la Gebr. Danhieuxstraat. Overijse jouit d'une situation favorable et se trouve au carrefour des routes reliant Bruxelles, Tervuren, Malines et Louvain \u00e0 Wavre, Namur et Nivelles.<\/p>\n\n\n\n<p class=\"wp-block-paragraph\">Ici, 14 lots sont pr\u00e9vus :<\/p>\n\n\n\n<p class=\"wp-block-paragraph\">Lot 1 - 2 - 3 - 4 - 5 - 6 - 11 - 12 : d\u00e9veloppement ouvert<br>Lot 7 - 8 - 9 - 10 - 13 - 14 : D\u00e9veloppement semi-ouvert<\/p>\n\n\n\n<p class=\"wp-block-paragraph\">Les lots seront vendus directement par le d\u00e9tenteur de l'allotissement et sans obligation contractuelle.<\/p>\n\n\n\n<figure class=\"wp-block-table\"><table><tbody><tr><td><strong>Lot<\/strong><\/td><td><strong>Surface<\/strong><\/td><td><strong>Orientation<\/strong><\/td><td><strong>Prix<\/strong><\/td><\/tr><tr><td>1<\/td><td>660 m\u00b2<\/td><td>Sud-Ouest<\/td><td>Vendu<\/td><\/tr><tr><td>2<\/td><td>633 m\u00b2<\/td><td>Sud-Ouest<\/td><td>Vendu<\/td><\/tr><tr><td>3<\/td><td>633 m\u00b2<\/td><td>Sud-Ouest<\/td><td>Vendu<\/td><\/tr><tr><td>4<\/td><td>633 m\u00b2<\/td><td>Sud-Ouest<\/td><td>Vendu<\/td><\/tr><tr><td>5<\/td><td>656 m\u00b2<\/td><td>Sud-Ouest<\/td><td>Vendu<\/td><\/tr><tr><td>6<\/td><td>1053 m\u00b2<\/td><td>Sud-Ouest<\/td><td>Vendu<\/td><\/tr><tr><td>7<\/td><td>792 m\u00b2<\/td><td>Nord-Est<\/td><td>Vendu<\/td><\/tr><tr><td>8<\/td><td>475 m\u00b2<\/td><td>Nord-Est<\/td><td>Vendu<\/td><\/tr><tr><td>9<\/td><td>483 m\u00b2<\/td><td>Nord-Est<\/td><td>Vendu<\/td><\/tr><tr><td>10<\/td><td>513 m\u00b2<\/td><td>Nord-Est<\/td><td>Vendu<\/td><\/tr><tr><td>11<\/td><td>997 m\u00b2<\/td><td>Nord-Est<\/td><td>Vendu<\/td><\/tr><tr><td>12<\/td><td>548 m\u00b2<\/td><td>Sud-Ouest<\/td><td>Vendu<\/td><\/tr><tr><td>13<\/td><td>393 m\u00b2<\/td><td>Sud-Ouest<\/td><td>Vendu<\/td><\/tr><tr><td>14<\/td><td>393 m\u00b2<\/td><td>Sud-Ouest<\/td><td>Vendu<\/td><\/tr><\/tbody><\/table><\/figure>","protected":false},"featured_media":1901,"template":"","format":"standard","in-de-kijker":[28],"koop-huur":[22],"type-project":[13],"gemeente":[39],"class_list":["post-1900","project","type-project","status-publish","format-standard","has-post-thumbnail","hentry","in-de-kijker-realisatie","koop-huur-te-koop","type-project-residential","gemeente-overijse"],"_links":{"self":[{"href":"https:\/\/aura.be\/fr\/wp-json\/wp\/v2\/project\/1900","targetHints":{"allow":["GET"]}}],"collection":[{"href":"https:\/\/aura.be\/fr\/wp-json\/wp\/v2\/project"}],"about":[{"href":"https:\/\/aura.be\/fr\/wp-json\/wp\/v2\/types\/project"}],"version-history":[{"count":0,"href":"https:\/\/aura.be\/fr\/wp-json\/wp\/v2\/project\/1900\/revisions"}],"wp:featuredmedia":[{"embeddable":true,"href":"https:\/\/aura.be\/fr\/wp-json\/wp\/v2\/media\/1901"}],"wp:attachment":[{"href":"https:\/\/aura.be\/fr\/wp-json\/wp\/v2\/media?parent=1900"}],"wp:term":[{"taxonomy":"in-de-kijker","embeddable":true,"href":"https:\/\/aura.be\/fr\/wp-json\/wp\/v2\/in-de-kijker?post=1900"},{"taxonomy":"koop-huur","embeddable":true,"href":"https:\/\/aura.be\/fr\/wp-json\/wp\/v2\/koop-huur?post=1900"},{"taxonomy":"type-project","embeddable":true,"href":"https:\/\/aura.be\/fr\/wp-json\/wp\/v2\/type-project?post=1900"},{"taxonomy":"gemeente","embeddable":true,"href":"https:\/\/aura.be\/fr\/wp-json\/wp\/v2\/gemeente?post=1900"}],"curies":[{"name":"wp","href":"https:\/\/api.w.org\/{rel}","templated":true}]}}